{"id":4295,"date":"2025-02-11T10:44:08","date_gmt":"2025-02-11T09:44:08","guid":{"rendered":"https:\/\/fbsuppliers.dk\/?post_type=tribe_events&#038;p=4295"},"modified":"2025-02-26T09:41:08","modified_gmt":"2025-02-26T08:41:08","slug":"aabning-af-pilen","status":"publish","type":"tribe_events","link":"https:\/\/fbsuppliers.dk\/en\/begivenhed\/aabning-af-pilen\/","title":{"rendered":"Fehmarn Sound and Belt invites you to the opening of the new viewpoint Pilen!"},"content":{"rendered":"<h5>Fehmarn Sound and Belt invites you to the opening of the new viewpoint <em>Arrows<\/em>!!<\/h5>\n<p>On this occasion, FB Suppliers would like to host some food and drinks before we go out together for the opening of Pilen. It is not possible to bring your car as the car park is closed on this day.<\/p>\n<p>We have lunch at 11:30 and leave the office at 12:30.<\/p>\n<p>Registration is required so that we can order food and drinks.<br \/>\n<strong>Therefore, register no later than <\/strong>Friday 21 February 2025.<\/p>\n<h6>Fehmarn Sound and Belt has created a great programme, and it is as follows:<\/h6>\n<p><strong>12.30 pm:\u00a0<\/strong>The tent opens<br \/>\nYou can experience:<br \/>\n- What it's like to be an apprentice at Northern Europe's largest construction site<\/p>\n<p>- The new hiking route from Pilen to the Fehmarn exhibition in R\u00f8dbyhavn<\/p>\n<p>- The Fehmarnbelt project told by our guides<\/p>\n<p>- Students from Lolland International School show their own model of the Arrow<\/p>\n<p><strong>\u00a0<\/strong><strong>13.30:<\/strong>\u00a0Welcome by Mikkel Hemmingsen, CEO of Sund &amp; B\u00e6lt<\/p>\n<p>- Speech by Mads Haugb\u00f8lle Behrendsen, Chairman of Erhvervsskolernes ElevOrganisation<\/p>\n<p><strong>13.50:<\/strong>\u00a0The arrow will be opened by Mayor Holger Schou Rasmussen, Lolland Municipality, Chairman of Dansk Metal, Claus Jensen, and CEO Mikkel Hemmingsen, Sund &amp; B\u00e6lt, as well as apprentices from Femern Link Contractors.<br \/>\n<strong>15:00:<\/strong>\u00a0Thank you for today<\/p>\n<p>&nbsp;<\/p>\n<p>The arrow is 217 metres long and ends in a point 24 metres above the ground.<br \/>\nPilen was designed by ARUP and Per Aarsleff A\/S was responsible for the construction of Pilen.<\/p>\n<p>&nbsp;<\/p>\n<p><img fetchpriority=\"high\" decoding=\"async\" class=\"\" src=\"https:\/\/usercontent.one\/wp\/dansk-byudvikling.dk\/wp-content\/uploads\/2025\/02\/femern-pilen-udsigtspunkt-arup-aarsleff-sund-og-baelt-f-pr.jpg?media=1734041792\" alt=\"R\u00f8dbyhavn \/ Femern | Krinak\" width=\"494\" height=\"257\" \/><\/p>\n<p>(Image borrowed from Femern Sund og B\u00e6lt)<\/p>\n<p><a href=\"https:\/\/femern.com\/da\/presse\/nyheder\/nyt-udsigtspunkt-ved-femern-baelt-tunnelen-skal-fascinere-og-inspirere\" target=\"_blank\" rel=\"noopener\">Read more about the arrow here! <\/a><\/p>\n<p>&nbsp;<\/p>\n<p>&nbsp;<\/p>","protected":false},"excerpt":{"rendered":"<p>Femern Sund og B\u00e6lt inviterer til \u00e5bning af det nye udsigtspunkt Pilen!! I den anledning vil FB Suppliers gerne v\u00e6re v\u00e6rt for lidt mad og drikke, inden vi sammen g\u00e5r [&hellip;]<\/p>\n","protected":false},"author":314,"featured_media":0,"template":"","meta":{"_jf_save_progress":"","_tribe_events_status":"","_tribe_events_status_reason":"","footnotes":""},"tags":[],"tribe_events_cat":[],"class_list":["post-4295","tribe_events","type-tribe_events","status-publish","hentry"],"yoast_head":"<!-- This site is optimized with the Yoast SEO plugin v27.4 - https:\/\/yoast.com\/product\/yoast-seo-wordpress\/ -->\n<title>Femern Sund og B\u00e6lt inviterer til \u00e5bning af det nye udsigtspunkt Pilen!! - fbsuppliers.dk<\/title>\n<meta name=\"robots\" content=\"index, follow, max-snippet:-1, max-image-preview:large, max-video-preview:-1\" \/>\n<link rel=\"canonical\" href=\"https:\/\/fbsuppliers.dk\/en\/begivenhed\/aabning-af-pilen\/\" \/>\n<meta property=\"og:locale\" content=\"en_GB\" \/>\n<meta property=\"og:type\" content=\"article\" \/>\n<meta property=\"og:title\" content=\"Femern Sund og B\u00e6lt inviterer til \u00e5bning af det nye udsigtspunkt Pilen!! - fbsuppliers.dk\" \/>\n<meta property=\"og:description\" content=\"Femern Sund og B\u00e6lt inviterer til \u00e5bning af det nye udsigtspunkt Pilen!! I den anledning vil FB Suppliers gerne v\u00e6re v\u00e6rt for lidt mad og drikke, inden vi sammen g\u00e5r [&hellip;]\" \/>\n<meta property=\"og:url\" content=\"https:\/\/fbsuppliers.dk\/en\/begivenhed\/aabning-af-pilen\/\" \/>\n<meta property=\"og:site_name\" content=\"fbsuppliers.dk\" \/>\n<meta property=\"article:publisher\" content=\"https:\/\/www.facebook.com\/groups\/146986042726641\" \/>\n<meta property=\"article:modified_time\" content=\"2025-02-26T08:41:08+00:00\" \/>\n<meta property=\"og:image\" content=\"https:\/\/usercontent.one\/wp\/dansk-byudvikling.dk\/wp-content\/uploads\/2025\/02\/femern-pilen-udsigtspunkt-arup-aarsleff-sund-og-baelt-f-pr.jpg?media=1734041792\" \/>\n<meta name=\"twitter:card\" content=\"summary_large_image\" \/>\n<meta name=\"twitter:label1\" content=\"Estimated reading time\" \/>\n\t<meta name=\"twitter:data1\" content=\"1 minute\" \/>\n<script type=\"application\/ld+json\" class=\"yoast-schema-graph\">{\"@context\":\"https:\\\/\\\/schema.org\",\"@graph\":[{\"@type\":\"WebPage\",\"@id\":\"https:\\\/\\\/fbsuppliers.dk\\\/begivenhed\\\/aabning-af-pilen\\\/\",\"url\":\"https:\\\/\\\/fbsuppliers.dk\\\/begivenhed\\\/aabning-af-pilen\\\/\",\"name\":\"Femern Sund og B\u00e6lt inviterer til \u00e5bning af det nye udsigtspunkt Pilen!! - fbsuppliers.dk\",\"isPartOf\":{\"@id\":\"https:\\\/\\\/fbsuppliers.dk\\\/#website\"},\"primaryImageOfPage\":{\"@id\":\"https:\\\/\\\/fbsuppliers.dk\\\/begivenhed\\\/aabning-af-pilen\\\/#primaryimage\"},\"image\":{\"@id\":\"https:\\\/\\\/fbsuppliers.dk\\\/begivenhed\\\/aabning-af-pilen\\\/#primaryimage\"},\"thumbnailUrl\":\"https:\\\/\\\/usercontent.one\\\/wp\\\/dansk-byudvikling.dk\\\/wp-content\\\/uploads\\\/2025\\\/02\\\/femern-pilen-udsigtspunkt-arup-aarsleff-sund-og-baelt-f-pr.jpg?media=1734041792\",\"datePublished\":\"2025-02-11T09:44:08+00:00\",\"dateModified\":\"2025-02-26T08:41:08+00:00\",\"breadcrumb\":{\"@id\":\"https:\\\/\\\/fbsuppliers.dk\\\/begivenhed\\\/aabning-af-pilen\\\/#breadcrumb\"},\"inLanguage\":\"en-GB\",\"potentialAction\":[{\"@type\":\"ReadAction\",\"target\":[\"https:\\\/\\\/fbsuppliers.dk\\\/begivenhed\\\/aabning-af-pilen\\\/\"]}]},{\"@type\":\"ImageObject\",\"inLanguage\":\"en-GB\",\"@id\":\"https:\\\/\\\/fbsuppliers.dk\\\/begivenhed\\\/aabning-af-pilen\\\/#primaryimage\",\"url\":\"https:\\\/\\\/usercontent.one\\\/wp\\\/dansk-byudvikling.dk\\\/wp-content\\\/uploads\\\/2025\\\/02\\\/femern-pilen-udsigtspunkt-arup-aarsleff-sund-og-baelt-f-pr.jpg?media=1734041792\",\"contentUrl\":\"https:\\\/\\\/usercontent.one\\\/wp\\\/dansk-byudvikling.dk\\\/wp-content\\\/uploads\\\/2025\\\/02\\\/femern-pilen-udsigtspunkt-arup-aarsleff-sund-og-baelt-f-pr.jpg?media=1734041792\"},{\"@type\":\"BreadcrumbList\",\"@id\":\"https:\\\/\\\/fbsuppliers.dk\\\/begivenhed\\\/aabning-af-pilen\\\/#breadcrumb\",\"itemListElement\":[{\"@type\":\"ListItem\",\"position\":1,\"name\":\"Hjem\",\"item\":\"https:\\\/\\\/fbsuppliers.dk\\\/\"},{\"@type\":\"ListItem\",\"position\":2,\"name\":\"Begivenheder\",\"item\":\"https:\\\/\\\/fbsuppliers.dk\\\/events\\\/\"},{\"@type\":\"ListItem\",\"position\":3,\"name\":\"Femern Sund og B\u00e6lt inviterer til \u00e5bning af det nye udsigtspunkt Pilen!!\"}]},{\"@type\":\"WebSite\",\"@id\":\"https:\\\/\\\/fbsuppliers.dk\\\/#website\",\"url\":\"https:\\\/\\\/fbsuppliers.dk\\\/\",\"name\":\"fbsuppliers.dk\",\"description\":\"FB Suppliers\",\"publisher\":{\"@id\":\"https:\\\/\\\/fbsuppliers.dk\\\/#organization\"},\"potentialAction\":[{\"@type\":\"SearchAction\",\"target\":{\"@type\":\"EntryPoint\",\"urlTemplate\":\"https:\\\/\\\/fbsuppliers.dk\\\/?s={search_term_string}\"},\"query-input\":{\"@type\":\"PropertyValueSpecification\",\"valueRequired\":true,\"valueName\":\"search_term_string\"}}],\"inLanguage\":\"en-GB\"},{\"@type\":\"Organization\",\"@id\":\"https:\\\/\\\/fbsuppliers.dk\\\/#organization\",\"name\":\"FB Suppliers\",\"url\":\"https:\\\/\\\/fbsuppliers.dk\\\/\",\"logo\":{\"@type\":\"ImageObject\",\"inLanguage\":\"en-GB\",\"@id\":\"https:\\\/\\\/fbsuppliers.dk\\\/#\\\/schema\\\/logo\\\/image\\\/\",\"url\":\"https:\\\/\\\/fbsuppliers.dk\\\/wp-content\\\/uploads\\\/2020\\\/08\\\/FB-Suppliers-logo.png\",\"contentUrl\":\"https:\\\/\\\/fbsuppliers.dk\\\/wp-content\\\/uploads\\\/2020\\\/08\\\/FB-Suppliers-logo.png\",\"width\":350,\"height\":106,\"caption\":\"FB Suppliers\"},\"image\":{\"@id\":\"https:\\\/\\\/fbsuppliers.dk\\\/#\\\/schema\\\/logo\\\/image\\\/\"},\"sameAs\":[\"https:\\\/\\\/www.facebook.com\\\/groups\\\/146986042726641\"]}]}<\/script>\n<!-- \/ Yoast SEO plugin. -->","yoast_head_json":{"title":"Femern Sund og B\u00e6lt inviterer til \u00e5bning af det nye udsigtspunkt Pilen!! - fbsuppliers.dk","robots":{"index":"index","follow":"follow","max-snippet":"max-snippet:-1","max-image-preview":"max-image-preview:large","max-video-preview":"max-video-preview:-1"},"canonical":"https:\/\/fbsuppliers.dk\/en\/begivenhed\/aabning-af-pilen\/","og_locale":"en_GB","og_type":"article","og_title":"Femern Sund og B\u00e6lt inviterer til \u00e5bning af det nye udsigtspunkt Pilen!! - fbsuppliers.dk","og_description":"Femern Sund og B\u00e6lt inviterer til \u00e5bning af det nye udsigtspunkt Pilen!! I den anledning vil FB Suppliers gerne v\u00e6re v\u00e6rt for lidt mad og drikke, inden vi sammen g\u00e5r [&hellip;]","og_url":"https:\/\/fbsuppliers.dk\/en\/begivenhed\/aabning-af-pilen\/","og_site_name":"fbsuppliers.dk","article_publisher":"https:\/\/www.facebook.com\/groups\/146986042726641","article_modified_time":"2025-02-26T08:41:08+00:00","og_image":[{"url":"https:\/\/usercontent.one\/wp\/dansk-byudvikling.dk\/wp-content\/uploads\/2025\/02\/femern-pilen-udsigtspunkt-arup-aarsleff-sund-og-baelt-f-pr.jpg?media=1734041792","type":"","width":"","height":""}],"twitter_card":"summary_large_image","twitter_misc":{"Estimated reading time":"1 minute"},"schema":{"@context":"https:\/\/schema.org","@graph":[{"@type":"WebPage","@id":"https:\/\/fbsuppliers.dk\/begivenhed\/aabning-af-pilen\/","url":"https:\/\/fbsuppliers.dk\/begivenhed\/aabning-af-pilen\/","name":"Femern Sund og B\u00e6lt inviterer til \u00e5bning af det nye udsigtspunkt Pilen!! - fbsuppliers.dk","isPartOf":{"@id":"https:\/\/fbsuppliers.dk\/#website"},"primaryImageOfPage":{"@id":"https:\/\/fbsuppliers.dk\/begivenhed\/aabning-af-pilen\/#primaryimage"},"image":{"@id":"https:\/\/fbsuppliers.dk\/begivenhed\/aabning-af-pilen\/#primaryimage"},"thumbnailUrl":"https:\/\/usercontent.one\/wp\/dansk-byudvikling.dk\/wp-content\/uploads\/2025\/02\/femern-pilen-udsigtspunkt-arup-aarsleff-sund-og-baelt-f-pr.jpg?media=1734041792","datePublished":"2025-02-11T09:44:08+00:00","dateModified":"2025-02-26T08:41:08+00:00","breadcrumb":{"@id":"https:\/\/fbsuppliers.dk\/begivenhed\/aabning-af-pilen\/#breadcrumb"},"inLanguage":"en-GB","potentialAction":[{"@type":"ReadAction","target":["https:\/\/fbsuppliers.dk\/begivenhed\/aabning-af-pilen\/"]}]},{"@type":"ImageObject","inLanguage":"en-GB","@id":"https:\/\/fbsuppliers.dk\/begivenhed\/aabning-af-pilen\/#primaryimage","url":"https:\/\/usercontent.one\/wp\/dansk-byudvikling.dk\/wp-content\/uploads\/2025\/02\/femern-pilen-udsigtspunkt-arup-aarsleff-sund-og-baelt-f-pr.jpg?media=1734041792","contentUrl":"https:\/\/usercontent.one\/wp\/dansk-byudvikling.dk\/wp-content\/uploads\/2025\/02\/femern-pilen-udsigtspunkt-arup-aarsleff-sund-og-baelt-f-pr.jpg?media=1734041792"},{"@type":"BreadcrumbList","@id":"https:\/\/fbsuppliers.dk\/begivenhed\/aabning-af-pilen\/#breadcrumb","itemListElement":[{"@type":"ListItem","position":1,"name":"Hjem","item":"https:\/\/fbsuppliers.dk\/"},{"@type":"ListItem","position":2,"name":"Begivenheder","item":"https:\/\/fbsuppliers.dk\/events\/"},{"@type":"ListItem","position":3,"name":"Femern Sund og B\u00e6lt inviterer til \u00e5bning af det nye udsigtspunkt Pilen!!"}]},{"@type":"WebSite","@id":"https:\/\/fbsuppliers.dk\/#website","url":"https:\/\/fbsuppliers.dk\/","name":"fbsuppliers.dk","description":"FB Suppliers","publisher":{"@id":"https:\/\/fbsuppliers.dk\/#organization"},"potentialAction":[{"@type":"SearchAction","target":{"@type":"EntryPoint","urlTemplate":"https:\/\/fbsuppliers.dk\/?s={search_term_string}"},"query-input":{"@type":"PropertyValueSpecification","valueRequired":true,"valueName":"search_term_string"}}],"inLanguage":"en-GB"},{"@type":"Organization","@id":"https:\/\/fbsuppliers.dk\/#organization","name":"FB Suppliers","url":"https:\/\/fbsuppliers.dk\/","logo":{"@type":"ImageObject","inLanguage":"en-GB","@id":"https:\/\/fbsuppliers.dk\/#\/schema\/logo\/image\/","url":"https:\/\/fbsuppliers.dk\/wp-content\/uploads\/2020\/08\/FB-Suppliers-logo.png","contentUrl":"https:\/\/fbsuppliers.dk\/wp-content\/uploads\/2020\/08\/FB-Suppliers-logo.png","width":350,"height":106,"caption":"FB Suppliers"},"image":{"@id":"https:\/\/fbsuppliers.dk\/#\/schema\/logo\/image\/"},"sameAs":["https:\/\/www.facebook.com\/groups\/146986042726641"]}]}},"_links":{"self":[{"href":"https:\/\/fbsuppliers.dk\/en\/wp-json\/wp\/v2\/tribe_events\/4295","targetHints":{"allow":["GET"]}}],"collection":[{"href":"https:\/\/fbsuppliers.dk\/en\/wp-json\/wp\/v2\/tribe_events"}],"about":[{"href":"https:\/\/fbsuppliers.dk\/en\/wp-json\/wp\/v2\/types\/tribe_events"}],"author":[{"embeddable":true,"href":"https:\/\/fbsuppliers.dk\/en\/wp-json\/wp\/v2\/users\/314"}],"version-history":[{"count":15,"href":"https:\/\/fbsuppliers.dk\/en\/wp-json\/wp\/v2\/tribe_events\/4295\/revisions"}],"predecessor-version":[{"id":4328,"href":"https:\/\/fbsuppliers.dk\/en\/wp-json\/wp\/v2\/tribe_events\/4295\/revisions\/4328"}],"wp:attachment":[{"href":"https:\/\/fbsuppliers.dk\/en\/wp-json\/wp\/v2\/media?parent=4295"}],"wp:term":[{"taxonomy":"post_tag","embeddable":true,"href":"https:\/\/fbsuppliers.dk\/en\/wp-json\/wp\/v2\/tags?post=4295"},{"taxonomy":"tribe_events_cat","embeddable":true,"href":"https:\/\/fbsuppliers.dk\/en\/wp-json\/wp\/v2\/tribe_events_cat?post=4295"}],"curies":[{"name":"wp","href":"https:\/\/api.w.org\/{rel}","templated":true}]}}