{"id":4413,"date":"2025-03-20T09:45:07","date_gmt":"2025-03-20T08:45:07","guid":{"rendered":"https:\/\/fbsuppliers.dk\/?post_type=tribe_events&#038;p=4413"},"modified":"2025-05-07T08:58:40","modified_gmt":"2025-05-07T06:58:40","slug":"fodbold-i-parken","status":"publish","type":"tribe_events","link":"https:\/\/fbsuppliers.dk\/en\/begivenhed\/fodbold-i-parken\/","title":{"rendered":"Lounge event in Parken: FCK vs. FC Midtjylland \u26bd"},"content":{"rendered":"<article class=\"text-token-text-primary w-full\" dir=\"auto\" data-testid=\"conversation-turn-2\" data-scroll-anchor=\"false\">\n<div class=\"text-base my-auto mx-auto py-5 [--thread-content-margin:--spacing(4)] @[37rem]:[--thread-content-margin:--spacing(6)] @[70rem]:[--thread-content-margin:--spacing(12)] px-(--thread-content-margin)\">\n<div class=\"[--thread-content-max-width:32rem] @[34rem]:[--thread-content-max-width:40rem] @[64rem]:[--thread-content-max-width:48rem] mx-auto flex max-w-(--thread-content-max-width) flex-1 text-base gap-4 md:gap-5 lg:gap-6 group\/turn-messages focus-visible:outline-hidden\" tabindex=\"-1\">\n<div class=\"group\/conversation-turn relative flex w-full min-w-0 flex-col agent-turn\">\n<div class=\"relative flex-col gap-1 md:gap-3\">\n<div class=\"flex max-w-full flex-col grow\">\n<div class=\"min-h-8 text-message relative flex w-full flex-col items-end gap-2 text-start break-words whitespace-normal [.text-message+&amp;]:mt-5\" dir=\"auto\" data-message-author-role=\"assistant\" data-message-id=\"322ec494-77c5-4503-8a96-1129e9b4882f\" data-message-model-slug=\"gpt-4o\">\n<div class=\"flex w-full flex-col gap-1 empty:hidden first:pt-[3px]\">\n<div class=\"markdown prose dark:prose-invert w-full break-words light\"><strong data-start=\"180\" data-end=\"239\">FOR ENGLISH LOOK DOWN THE FURTHER DOWN.<\/strong><\/div>\n<div class=\"markdown prose dark:prose-invert w-full break-words light\"><strong data-start=\"180\" data-end=\"239\"><br \/>\n<strong data-start=\"180\" data-end=\"239\">\u26bd<\/strong>Invitation til Fodboldkamp \u2013 FCK vs. FC Midtjylland <\/strong><strong data-start=\"242\" data-end=\"268\">S\u00f8ndag d. 11. maj 2025\u26bd<\/strong><\/div>\n<\/div>\n<\/div>\n<\/div>\n<\/div>\n<\/div>\n<\/div>\n<\/div>\n<\/article>\n<article class=\"text-token-text-primary w-full\" dir=\"auto\" data-testid=\"conversation-turn-4\" data-scroll-anchor=\"true\">\n<div class=\"text-base my-auto mx-auto py-5 [--thread-content-margin:--spacing(4)] @[37rem]:[--thread-content-margin:--spacing(6)] @[70rem]:[--thread-content-margin:--spacing(12)] px-(--thread-content-margin)\">\n<div class=\"[--thread-content-max-width:32rem] @[34rem]:[--thread-content-max-width:40rem] @[64rem]:[--thread-content-max-width:48rem] mx-auto flex max-w-(--thread-content-max-width) flex-1 text-base gap-4 md:gap-5 lg:gap-6 group\/turn-messages focus-visible:outline-hidden\" tabindex=\"-1\">\n<div class=\"group\/conversation-turn relative flex w-full min-w-0 flex-col agent-turn\">\n<div class=\"relative flex-col gap-1 md:gap-3\">\n<div class=\"flex max-w-full flex-col grow\">\n<div class=\"min-h-8 text-message relative flex w-full flex-col items-end gap-2 text-start break-words whitespace-normal [.text-message+&amp;]:mt-5\" dir=\"auto\" data-message-author-role=\"assistant\" data-message-id=\"04d29923-6af6-4526-acc2-59109a753bd9\" data-message-model-slug=\"gpt-4o\">\n<div class=\"flex w-full flex-col gap-1 empty:hidden first:pt-[3px]\">\n<div class=\"markdown prose dark:prose-invert w-full break-words light\">\n<p class=\"\" data-start=\"284\" data-end=\"458\">FB Suppliers har igen forn\u00f8jelsen af at invitere dig til en eksklusiv aften med fodbold i s\u00e6rklasse, netv\u00e6rk og god stemning, n\u00e5r <strong data-start=\"409\" data-end=\"448\">F.C. K\u00f8benhavn m\u00f8der FC Midtjylland<\/strong> i Parken!<\/p>\n<p class=\"\" data-start=\"460\" data-end=\"534\">Vi har s\u00f8rget for alt \u2013 du skal bare m\u00f8de op og nyde dagen i godt selskab.<\/p>\n<p class=\"\" data-start=\"541\" data-end=\"594\"><strong data-start=\"544\" data-end=\"592\">Transport \u2013 Vi k\u00f8rer dig direkte til Parken<\/strong>\ud83d\ude8c<\/p>\n<ul data-start=\"595\" data-end=\"726\">\n<li class=\"\" data-start=\"595\" data-end=\"636\">\n<p class=\"\" data-start=\"597\" data-end=\"636\"><strong data-start=\"597\" data-end=\"615\">Maribo Station<\/strong> \u2013 Afgang kl. 15:15<\/p>\n<\/li>\n<li class=\"\" data-start=\"637\" data-end=\"679\">\n<p class=\"\" data-start=\"639\" data-end=\"679\"><strong data-start=\"639\" data-end=\"655\">H\u00f8jm\u00f8lle Kro<\/strong> \u2013 Opsamling kl. 15:50<\/p>\n<\/li>\n<li class=\"\" data-start=\"680\" data-end=\"726\">\n<p class=\"\" data-start=\"682\" data-end=\"726\"><strong data-start=\"682\" data-end=\"704\">K\u00f8ge, Nordstjernen<\/strong> \u2013 Opsamling kl. 16:45<\/p>\n<\/li>\n<\/ul>\n<p class=\"\" data-start=\"728\" data-end=\"829\">\ud83c\udf7d\ufe0f <strong data-start=\"732\" data-end=\"764\">Vi har loungen fra kl. 18.00<\/strong><br data-start=\"764\" data-end=\"767\" \/>\u26bd <strong data-start=\"769\" data-end=\"792\">Kampstart kl. 20.00<\/strong><br data-start=\"792\" data-end=\"795\" \/>\ud83d\udd5a <strong data-start=\"798\" data-end=\"829\">Afgang fra Parken igen kl. 22:45<\/strong><\/p>\n<p class=\"\" data-start=\"836\" data-end=\"976\">\ud83d\udcb0 <strong data-start=\"839\" data-end=\"848\">Pris:<\/strong> 500 kr. pr. person<br data-start=\"867\" data-end=\"870\" \/>\ud83d\udc65 Du er velkommen til at invitere op til <strong data-start=\"912\" data-end=\"933\">2 ekstra personer<\/strong>, s\u00e5 l\u00e6nge det er <strong data-start=\"951\" data-end=\"975\">virksomhedsrelateret<\/strong>.<\/p>\n<p class=\"\" data-start=\"978\" data-end=\"1171\">\ud83c\udfa4 <strong data-start=\"981\" data-end=\"1002\">Taler og program:<\/strong><br data-start=\"1002\" data-end=\"1005\" \/>De pr\u00e6cise detaljer og talere for aftenen bliver l\u00f8ftet sl\u00f8ret for senere \u2013 men vi kan allerede nu love dig en aften med b\u00e5de sportslig sp\u00e6nding og st\u00e6rke relationer.<\/p>\n<p class=\"\" data-start=\"1178\" data-end=\"1304\">\ud83d\udd14 <strong data-start=\"1181\" data-end=\"1196\">Tilmelding:<\/strong> Senest d. 7 maj 2025.<br \/>\n\ud83d\udd14 <strong>NO shoe fee<\/strong>: 500kr.<br \/>\nVi gl\u00e6der os til at se dig til en uforglemmelig fodboldaften!<\/p>\n<p class=\"\" data-start=\"1306\" data-end=\"1343\">Med venlig hilsen,<br data-start=\"1324\" data-end=\"1327\" \/><strong data-start=\"1327\" data-end=\"1343\">Teamet bag FB Suppliers<\/strong><\/p>\n<p data-start=\"1306\" data-end=\"1343\">ENGLISH:<\/p>\n<p><strong>Invitation to Football match &#8211; FCK vs. FC Midtjylland Sunday, May 11, 2025\u26bd<\/strong><\/p>\n<p>FB Suppliers once again has the pleasure of inviting you to an exclusive evening of top-class football, networking and great atmosphere when F.C. Copenhagen meets FC Midtjylland in Parken!<\/p>\n<p>We&#8217;ve taken care of everything &#8211; all you have to do is show up and enjoy the day in good company.<\/p>\n<p><strong>Transportation &#8211; We drive you directly to Parken\ud83d\ude8c<\/strong><\/p>\n<p><strong>Maribo Station<\/strong> &#8211; Departure at 15:15<\/p>\n<p><strong>H\u00f8jm\u00f8lle Kro<\/strong> &#8211; Pick up at 15:50<\/p>\n<p><strong>K\u00f8ge, Nordstjernen<\/strong> &#8211; Pick up at 16:45<\/p>\n<p><strong>\ud83c\udf7d\ufe0f We have the lounge from 18:00<\/strong><br \/>\n<strong>\u26bd Match start at 20:00<\/strong><br \/>\n<strong>\ud83d\udd5a Departure from Parken again at 22:45<\/strong><\/p>\n<p>\ud83d\udcb0<strong> Price: 500 kr. per person<\/strong><br \/>\n\ud83d\udc65 You are welcome to invite up to <strong>2 extra people<\/strong> as long as it is <strong>company related.<\/strong><\/p>\n<p><strong>\ud83c\udfa4 Speakers and program:<\/strong><br \/>\nThe exact details and speakers for the evening will be revealed later &#8211; but we can already promise you an evening of both sporting excitement and strong relationships.<\/p>\n<p><strong>\ud83d\udd14 Registration:<\/strong> By May 7, 2025.<br \/>\n\ud83d\udd14 <strong>NO shoe fee<\/strong>: 500kr.<\/p>\n<p>We look forward to seeing you for an unforgettable evening of football!<\/p>\n<p>With kind regards,<br \/>\n<strong>The team behind FB Suppliers<\/strong><\/p>\n<p>&nbsp;<\/p>\n<\/div>\n<\/div>\n<\/div>\n<\/div>\n<\/div>\n<\/div>\n<\/div>\n<\/div>\n<\/article>\n","protected":false},"excerpt":{"rendered":"<p>FOR ENGLISH LOOK DOWN THE FURTHER DOWN. \u26bdInvitation til Fodboldkamp \u2013 FCK vs. FC Midtjylland S\u00f8ndag d. 11. maj 2025\u26bd FB Suppliers har igen forn\u00f8jelsen af at invitere dig til [&hellip;]<\/p>\n","protected":false},"author":314,"featured_media":0,"template":"","meta":{"_jf_save_progress":"","_tribe_events_status":"","_tribe_events_status_reason":"","footnotes":""},"tags":[],"tribe_events_cat":[],"class_list":["post-4413","tribe_events","type-tribe_events","status-publish","hentry"],"yoast_head":"<!-- This site is optimized with the Yoast SEO plugin v27.4 - https:\/\/yoast.com\/product\/yoast-seo-wordpress\/ -->\n<title>Loungeevent i Parken: FCK vs. FC Midtjylland \u26bd - fbsuppliers.dk<\/title>\n<meta name=\"robots\" content=\"index, follow, max-snippet:-1, max-image-preview:large, max-video-preview:-1\" \/>\n<link rel=\"canonical\" href=\"https:\/\/fbsuppliers.dk\/en\/begivenhed\/fodbold-i-parken\/\" \/>\n<meta property=\"og:locale\" content=\"en_GB\" \/>\n<meta property=\"og:type\" content=\"article\" \/>\n<meta property=\"og:title\" content=\"Loungeevent i Parken: FCK vs. FC Midtjylland \u26bd - fbsuppliers.dk\" \/>\n<meta property=\"og:description\" content=\"FOR ENGLISH LOOK DOWN THE FURTHER DOWN. \u26bdInvitation til Fodboldkamp \u2013 FCK vs. FC Midtjylland S\u00f8ndag d. 11. maj 2025\u26bd FB Suppliers har igen forn\u00f8jelsen af at invitere dig til [&hellip;]\" \/>\n<meta property=\"og:url\" content=\"https:\/\/fbsuppliers.dk\/en\/begivenhed\/fodbold-i-parken\/\" \/>\n<meta property=\"og:site_name\" content=\"fbsuppliers.dk\" \/>\n<meta property=\"article:publisher\" content=\"https:\/\/www.facebook.com\/groups\/146986042726641\" \/>\n<meta property=\"article:modified_time\" content=\"2025-05-07T06:58:40+00:00\" \/>\n<meta property=\"og:image\" content=\"https:\/\/fbsuppliers.dk\/wp-content\/uploads\/2025\/02\/Har-du-set-1.jpg\" \/>\n\t<meta property=\"og:image:width\" content=\"940\" \/>\n\t<meta property=\"og:image:height\" content=\"788\" \/>\n\t<meta property=\"og:image:type\" content=\"image\/jpeg\" \/>\n<meta name=\"twitter:card\" content=\"summary_large_image\" \/>\n<meta name=\"twitter:label1\" content=\"Estimated reading time\" \/>\n\t<meta name=\"twitter:data1\" content=\"2 minutes\" \/>\n<script type=\"application\/ld+json\" class=\"yoast-schema-graph\">{\"@context\":\"https:\\\/\\\/schema.org\",\"@graph\":[{\"@type\":\"WebPage\",\"@id\":\"https:\\\/\\\/fbsuppliers.dk\\\/begivenhed\\\/fodbold-i-parken\\\/\",\"url\":\"https:\\\/\\\/fbsuppliers.dk\\\/begivenhed\\\/fodbold-i-parken\\\/\",\"name\":\"Loungeevent i Parken: FCK vs. FC Midtjylland \u26bd - fbsuppliers.dk\",\"isPartOf\":{\"@id\":\"https:\\\/\\\/fbsuppliers.dk\\\/#website\"},\"datePublished\":\"2025-03-20T08:45:07+00:00\",\"dateModified\":\"2025-05-07T06:58:40+00:00\",\"breadcrumb\":{\"@id\":\"https:\\\/\\\/fbsuppliers.dk\\\/begivenhed\\\/fodbold-i-parken\\\/#breadcrumb\"},\"inLanguage\":\"en-GB\",\"potentialAction\":[{\"@type\":\"ReadAction\",\"target\":[\"https:\\\/\\\/fbsuppliers.dk\\\/begivenhed\\\/fodbold-i-parken\\\/\"]}]},{\"@type\":\"BreadcrumbList\",\"@id\":\"https:\\\/\\\/fbsuppliers.dk\\\/begivenhed\\\/fodbold-i-parken\\\/#breadcrumb\",\"itemListElement\":[{\"@type\":\"ListItem\",\"position\":1,\"name\":\"Hjem\",\"item\":\"https:\\\/\\\/fbsuppliers.dk\\\/\"},{\"@type\":\"ListItem\",\"position\":2,\"name\":\"Begivenheder\",\"item\":\"https:\\\/\\\/fbsuppliers.dk\\\/events\\\/\"},{\"@type\":\"ListItem\",\"position\":3,\"name\":\"Loungeevent i Parken: FCK vs. FC Midtjylland \u26bd\"}]},{\"@type\":\"WebSite\",\"@id\":\"https:\\\/\\\/fbsuppliers.dk\\\/#website\",\"url\":\"https:\\\/\\\/fbsuppliers.dk\\\/\",\"name\":\"fbsuppliers.dk\",\"description\":\"FB Suppliers\",\"publisher\":{\"@id\":\"https:\\\/\\\/fbsuppliers.dk\\\/#organization\"},\"potentialAction\":[{\"@type\":\"SearchAction\",\"target\":{\"@type\":\"EntryPoint\",\"urlTemplate\":\"https:\\\/\\\/fbsuppliers.dk\\\/?s={search_term_string}\"},\"query-input\":{\"@type\":\"PropertyValueSpecification\",\"valueRequired\":true,\"valueName\":\"search_term_string\"}}],\"inLanguage\":\"en-GB\"},{\"@type\":\"Organization\",\"@id\":\"https:\\\/\\\/fbsuppliers.dk\\\/#organization\",\"name\":\"FB Suppliers\",\"url\":\"https:\\\/\\\/fbsuppliers.dk\\\/\",\"logo\":{\"@type\":\"ImageObject\",\"inLanguage\":\"en-GB\",\"@id\":\"https:\\\/\\\/fbsuppliers.dk\\\/#\\\/schema\\\/logo\\\/image\\\/\",\"url\":\"https:\\\/\\\/fbsuppliers.dk\\\/wp-content\\\/uploads\\\/2020\\\/08\\\/FB-Suppliers-logo.png\",\"contentUrl\":\"https:\\\/\\\/fbsuppliers.dk\\\/wp-content\\\/uploads\\\/2020\\\/08\\\/FB-Suppliers-logo.png\",\"width\":350,\"height\":106,\"caption\":\"FB Suppliers\"},\"image\":{\"@id\":\"https:\\\/\\\/fbsuppliers.dk\\\/#\\\/schema\\\/logo\\\/image\\\/\"},\"sameAs\":[\"https:\\\/\\\/www.facebook.com\\\/groups\\\/146986042726641\"]}]}<\/script>\n<!-- \/ Yoast SEO plugin. -->","yoast_head_json":{"title":"Loungeevent i Parken: FCK vs. FC Midtjylland \u26bd - fbsuppliers.dk","robots":{"index":"index","follow":"follow","max-snippet":"max-snippet:-1","max-image-preview":"max-image-preview:large","max-video-preview":"max-video-preview:-1"},"canonical":"https:\/\/fbsuppliers.dk\/en\/begivenhed\/fodbold-i-parken\/","og_locale":"en_GB","og_type":"article","og_title":"Loungeevent i Parken: FCK vs. FC Midtjylland \u26bd - fbsuppliers.dk","og_description":"FOR ENGLISH LOOK DOWN THE FURTHER DOWN. \u26bdInvitation til Fodboldkamp \u2013 FCK vs. FC Midtjylland S\u00f8ndag d. 11. maj 2025\u26bd FB Suppliers har igen forn\u00f8jelsen af at invitere dig til [&hellip;]","og_url":"https:\/\/fbsuppliers.dk\/en\/begivenhed\/fodbold-i-parken\/","og_site_name":"fbsuppliers.dk","article_publisher":"https:\/\/www.facebook.com\/groups\/146986042726641","article_modified_time":"2025-05-07T06:58:40+00:00","og_image":[{"width":940,"height":788,"url":"https:\/\/fbsuppliers.dk\/wp-content\/uploads\/2025\/02\/Har-du-set-1.jpg","type":"image\/jpeg"}],"twitter_card":"summary_large_image","twitter_misc":{"Estimated reading time":"2 minutes"},"schema":{"@context":"https:\/\/schema.org","@graph":[{"@type":"WebPage","@id":"https:\/\/fbsuppliers.dk\/begivenhed\/fodbold-i-parken\/","url":"https:\/\/fbsuppliers.dk\/begivenhed\/fodbold-i-parken\/","name":"Loungeevent i Parken: FCK vs. FC Midtjylland \u26bd - fbsuppliers.dk","isPartOf":{"@id":"https:\/\/fbsuppliers.dk\/#website"},"datePublished":"2025-03-20T08:45:07+00:00","dateModified":"2025-05-07T06:58:40+00:00","breadcrumb":{"@id":"https:\/\/fbsuppliers.dk\/begivenhed\/fodbold-i-parken\/#breadcrumb"},"inLanguage":"en-GB","potentialAction":[{"@type":"ReadAction","target":["https:\/\/fbsuppliers.dk\/begivenhed\/fodbold-i-parken\/"]}]},{"@type":"BreadcrumbList","@id":"https:\/\/fbsuppliers.dk\/begivenhed\/fodbold-i-parken\/#breadcrumb","itemListElement":[{"@type":"ListItem","position":1,"name":"Hjem","item":"https:\/\/fbsuppliers.dk\/"},{"@type":"ListItem","position":2,"name":"Begivenheder","item":"https:\/\/fbsuppliers.dk\/events\/"},{"@type":"ListItem","position":3,"name":"Loungeevent i Parken: FCK vs. FC Midtjylland \u26bd"}]},{"@type":"WebSite","@id":"https:\/\/fbsuppliers.dk\/#website","url":"https:\/\/fbsuppliers.dk\/","name":"fbsuppliers.dk","description":"FB Suppliers","publisher":{"@id":"https:\/\/fbsuppliers.dk\/#organization"},"potentialAction":[{"@type":"SearchAction","target":{"@type":"EntryPoint","urlTemplate":"https:\/\/fbsuppliers.dk\/?s={search_term_string}"},"query-input":{"@type":"PropertyValueSpecification","valueRequired":true,"valueName":"search_term_string"}}],"inLanguage":"en-GB"},{"@type":"Organization","@id":"https:\/\/fbsuppliers.dk\/#organization","name":"FB Suppliers","url":"https:\/\/fbsuppliers.dk\/","logo":{"@type":"ImageObject","inLanguage":"en-GB","@id":"https:\/\/fbsuppliers.dk\/#\/schema\/logo\/image\/","url":"https:\/\/fbsuppliers.dk\/wp-content\/uploads\/2020\/08\/FB-Suppliers-logo.png","contentUrl":"https:\/\/fbsuppliers.dk\/wp-content\/uploads\/2020\/08\/FB-Suppliers-logo.png","width":350,"height":106,"caption":"FB Suppliers"},"image":{"@id":"https:\/\/fbsuppliers.dk\/#\/schema\/logo\/image\/"},"sameAs":["https:\/\/www.facebook.com\/groups\/146986042726641"]}]}},"_links":{"self":[{"href":"https:\/\/fbsuppliers.dk\/en\/wp-json\/wp\/v2\/tribe_events\/4413","targetHints":{"allow":["GET"]}}],"collection":[{"href":"https:\/\/fbsuppliers.dk\/en\/wp-json\/wp\/v2\/tribe_events"}],"about":[{"href":"https:\/\/fbsuppliers.dk\/en\/wp-json\/wp\/v2\/types\/tribe_events"}],"author":[{"embeddable":true,"href":"https:\/\/fbsuppliers.dk\/en\/wp-json\/wp\/v2\/users\/314"}],"version-history":[{"count":10,"href":"https:\/\/fbsuppliers.dk\/en\/wp-json\/wp\/v2\/tribe_events\/4413\/revisions"}],"predecessor-version":[{"id":4499,"href":"https:\/\/fbsuppliers.dk\/en\/wp-json\/wp\/v2\/tribe_events\/4413\/revisions\/4499"}],"wp:attachment":[{"href":"https:\/\/fbsuppliers.dk\/en\/wp-json\/wp\/v2\/media?parent=4413"}],"wp:term":[{"taxonomy":"post_tag","embeddable":true,"href":"https:\/\/fbsuppliers.dk\/en\/wp-json\/wp\/v2\/tags?post=4413"},{"taxonomy":"tribe_events_cat","embeddable":true,"href":"https:\/\/fbsuppliers.dk\/en\/wp-json\/wp\/v2\/tribe_events_cat?post=4413"}],"curies":[{"name":"wp","href":"https:\/\/api.w.org\/{rel}","templated":true}]}}