{"id":5015,"date":"2026-01-27T10:13:45","date_gmt":"2026-01-27T09:13:45","guid":{"rendered":"https:\/\/fbsuppliers.dk\/?post_type=tribe_events&#038;p=5015"},"modified":"2026-03-03T13:45:10","modified_gmt":"2026-03-03T12:45:10","slug":"aabent-kontor-carbon-cuts","status":"publish","type":"tribe_events","link":"https:\/\/fbsuppliers.dk\/en\/begivenhed\/aabent-kontor-carbon-cuts\/","title":{"rendered":"Thursday open with lunch and presentation from CarbonCuts"},"content":{"rendered":"<p style=\"text-align: center;\"><strong>Thursday open with lunch on Thursday 05.03.26!<br \/>\n<\/strong><br \/>\n<strong>Anders and Kenneth from CarbonCuts will give a presentation on Project Ruby, offer lunch and networking!<br \/>\n<\/strong><br \/>\n<strong><span style=\"font-size: 16px;\">Come and learn more about CarbonCuts and Project Ruby!<br \/>\n\ud83c\udf0d \u267b\ufe0f \ud83c\udf31 \ud83c\udf3f \ud83c\udf2b\ufe0f \ud83c\udfed \ud83d\udca8<br \/>\n<\/span><\/strong><\/p>\n<p>&nbsp;<\/p>\n<p>Since June 2024, CarbonCuts has been working with Nords\u00f8fonden to explore the possibilities of establishing one of Denmark's first onshore CO\u2082 storage facilities. CarbonCuts is about halfway through the exploration on South Lolland.<\/p>\n<p>At the meeting, Anders Bille Jensen, Head of Corporate Strategy and Governance CarbonCuts A\/S and Kenneth Prehn, Communications Consultant CarbonCuts A\/S, will give a preliminary status on Project Ruby.<\/p>\n<p>You will also receive information about the exploration well that CarbonCuts is drilling on Gl. The drilling of the well on CarbonCuts' commercial site will be another milestone in the project work.<\/p>\n<p data-pm-slice=\"1 1 []\">\ud83d\udcc5<strong>Thursday 05.03.26<br \/>\n<\/strong>\u23f0<strong>10:00-13:00<br \/>\n<\/strong>\ud83d\udccd<strong>F\u00e6rgevej 26, 4970 R\u00f8dby (NOTE!!! NEW LOCATION!)<br \/>\n<\/strong><\/p>\n<p>AND - as something new, this time we're trying out broadcasting LIVE in our closed member group on Facebook, so those of you who can't attend in person will also have the opportunity to hear the presentation. If you are not already a member, please request membership via the link here:\u00a0<a href=\"https:\/\/www.facebook.com\/groups\/146986042726641\/\">https:\/\/www.facebook.com\/groups\/146986042726641\/<\/a><\/p>\n<p><img decoding=\"async\" class=\"alignright\" src=\"https:\/\/fbsuppliers.dk\/wp-content\/uploads\/2026\/01\/carbon-cuts-logo.svg\" width=\"323\" height=\"54\" \/><\/p>\n<p>&nbsp;<\/p>\n<p><strong><em>Engli<\/em><\/strong><strong><em>sh:<\/em><\/strong><\/p>\n<p>&nbsp;<\/p>\n<p style=\"text-align: center;\"><strong>Open on Thursday with lunch on Thursday, March 5, 2026!<br \/>\n<\/strong><br \/>\n<strong>Anders and Kenneth from CarbonCuts will give a presentation on Project Ruby, serve lunch, and network!<br \/>\n<\/strong><br \/>\n<strong>Come and learn more about CarbonCuts and Project Ruby!<br \/>\n\ud83c\udf0d \u267b\ufe0f \ud83c\udf31 \ud83c\udf3f \ud83c\udf2b\ufe0f \ud83c\udfed \ud83d\udca8<br \/>\n<\/strong><\/p>\n<p>Since June 2024, CarbonCuts and Nords\u00f8fonden have been working hard to explore the possibilities of establishing one of Denmark's first land-based CO\u2082 storage facilities. CarbonCuts is about halfway through its exploration on South Lolland. At the meeting, Anders Bille Jensen and Kenneth Prehn will give a preliminary status update on Project Ruby. You will also receive information about the exploration well that CarbonCuts will be drilling on Gl. The well drilling on CarbonCuts\u2019 commercial site will be another milestone in the project work.<\/p>\n<p>\ud83d\udcc5<strong>Thursday 05.03.26<br \/>\n<\/strong>\u23f0<strong>10:00-13:00<br \/>\n<\/strong>\ud83d\udccd<strong>F\u00e6rgevej 26, 4970 R\u00f8dby, Denmark<\/strong><strong> (NEW LOCATION!!)<\/strong><\/p>\n<p>&nbsp;<\/p>\n<p>AND - as something new, we are trialing LIVE streaming in our closed member group on Facebook, so that those of you who are unable to attend in person will also have the opportunity to hear the presentation. If you are not already a member, please request membership via the link here: <a href=\"https:\/\/www.facebook.com\/groups\/146986042726641\/\">https:\/\/www.facebook.com\/groups\/146986042726641\/<\/a><\/p>\n<p style=\"text-align: right;\"><a href=\"https:\/\/fbsuppliers.dk\/wp-content\/uploads\/2026\/01\/carbon-cuts-logo.svg\"><img decoding=\"async\" class=\"alignnone wp-image-5237\" src=\"https:\/\/fbsuppliers.dk\/wp-content\/uploads\/2026\/01\/carbon-cuts-logo.svg\" alt=\"\" width=\"310\" height=\"52\" \/><\/a><\/p>","protected":false},"excerpt":{"rendered":"<p>Torsdags \u00e5bent m. frokost torsdag d. 05.03.26! Anders og Kenneth fra CarbonCuts vil holde opl\u00e6g om Project Ruby, byde p\u00e5 frokost og netv\u00e6rk! Kom og bliv klogere p\u00e5 CarbonCuts og [&hellip;]<\/p>\n","protected":false},"author":314,"featured_media":5033,"template":"","meta":{"_jf_save_progress":"","_tribe_events_status":"","_tribe_events_status_reason":"","footnotes":""},"tags":[],"tribe_events_cat":[],"class_list":["post-5015","tribe_events","type-tribe_events","status-publish","has-post-thumbnail","hentry"],"yoast_head":"<!-- This site is optimized with the Yoast SEO plugin v27.4 - https:\/\/yoast.com\/product\/yoast-seo-wordpress\/ -->\n<title>Torsdags \u00e5bent m. frokost og opl\u00e6g fra CarbonCuts - fbsuppliers.dk<\/title>\n<meta name=\"robots\" content=\"index, follow, max-snippet:-1, max-image-preview:large, max-video-preview:-1\" \/>\n<link rel=\"canonical\" href=\"https:\/\/fbsuppliers.dk\/en\/begivenhed\/aabent-kontor-carbon-cuts\/\" \/>\n<meta property=\"og:locale\" content=\"en_GB\" \/>\n<meta property=\"og:type\" content=\"article\" \/>\n<meta property=\"og:title\" content=\"Torsdags \u00e5bent m. frokost og opl\u00e6g fra CarbonCuts - fbsuppliers.dk\" \/>\n<meta property=\"og:description\" content=\"Torsdags \u00e5bent m. frokost torsdag d. 05.03.26! Anders og Kenneth fra CarbonCuts vil holde opl\u00e6g om Project Ruby, byde p\u00e5 frokost og netv\u00e6rk! Kom og bliv klogere p\u00e5 CarbonCuts og [&hellip;]\" \/>\n<meta property=\"og:url\" content=\"https:\/\/fbsuppliers.dk\/en\/begivenhed\/aabent-kontor-carbon-cuts\/\" \/>\n<meta property=\"og:site_name\" content=\"fbsuppliers.dk\" \/>\n<meta property=\"article:publisher\" content=\"https:\/\/www.facebook.com\/groups\/146986042726641\" \/>\n<meta property=\"article:modified_time\" content=\"2026-03-03T12:45:10+00:00\" \/>\n<meta property=\"og:image\" content=\"https:\/\/fbsuppliers.dk\/wp-content\/uploads\/2025\/11\/Indlaeg-Torsdagsaabent-m.-frokost-og-oplaeg-1.png\" \/>\n\t<meta property=\"og:image:width\" content=\"1000\" \/>\n\t<meta property=\"og:image:height\" content=\"900\" \/>\n\t<meta property=\"og:image:type\" content=\"image\/png\" \/>\n<meta name=\"twitter:card\" content=\"summary_large_image\" \/>\n<meta name=\"twitter:label1\" content=\"Estimated reading time\" \/>\n\t<meta name=\"twitter:data1\" content=\"2 minutes\" \/>\n<script type=\"application\/ld+json\" class=\"yoast-schema-graph\">{\"@context\":\"https:\\\/\\\/schema.org\",\"@graph\":[{\"@type\":\"WebPage\",\"@id\":\"https:\\\/\\\/fbsuppliers.dk\\\/begivenhed\\\/aabent-kontor-carbon-cuts\\\/\",\"url\":\"https:\\\/\\\/fbsuppliers.dk\\\/begivenhed\\\/aabent-kontor-carbon-cuts\\\/\",\"name\":\"Torsdags \u00e5bent m. frokost og opl\u00e6g fra CarbonCuts - fbsuppliers.dk\",\"isPartOf\":{\"@id\":\"https:\\\/\\\/fbsuppliers.dk\\\/#website\"},\"primaryImageOfPage\":{\"@id\":\"https:\\\/\\\/fbsuppliers.dk\\\/begivenhed\\\/aabent-kontor-carbon-cuts\\\/#primaryimage\"},\"image\":{\"@id\":\"https:\\\/\\\/fbsuppliers.dk\\\/begivenhed\\\/aabent-kontor-carbon-cuts\\\/#primaryimage\"},\"thumbnailUrl\":\"https:\\\/\\\/fbsuppliers.dk\\\/wp-content\\\/uploads\\\/2025\\\/11\\\/Indlaeg-Torsdagsaabent-m.-frokost-og-oplaeg-1.png\",\"datePublished\":\"2026-01-27T09:13:45+00:00\",\"dateModified\":\"2026-03-03T12:45:10+00:00\",\"breadcrumb\":{\"@id\":\"https:\\\/\\\/fbsuppliers.dk\\\/begivenhed\\\/aabent-kontor-carbon-cuts\\\/#breadcrumb\"},\"inLanguage\":\"en-GB\",\"potentialAction\":[{\"@type\":\"ReadAction\",\"target\":[\"https:\\\/\\\/fbsuppliers.dk\\\/begivenhed\\\/aabent-kontor-carbon-cuts\\\/\"]}]},{\"@type\":\"ImageObject\",\"inLanguage\":\"en-GB\",\"@id\":\"https:\\\/\\\/fbsuppliers.dk\\\/begivenhed\\\/aabent-kontor-carbon-cuts\\\/#primaryimage\",\"url\":\"https:\\\/\\\/fbsuppliers.dk\\\/wp-content\\\/uploads\\\/2025\\\/11\\\/Indlaeg-Torsdagsaabent-m.-frokost-og-oplaeg-1.png\",\"contentUrl\":\"https:\\\/\\\/fbsuppliers.dk\\\/wp-content\\\/uploads\\\/2025\\\/11\\\/Indlaeg-Torsdagsaabent-m.-frokost-og-oplaeg-1.png\",\"width\":1000,\"height\":900},{\"@type\":\"BreadcrumbList\",\"@id\":\"https:\\\/\\\/fbsuppliers.dk\\\/begivenhed\\\/aabent-kontor-carbon-cuts\\\/#breadcrumb\",\"itemListElement\":[{\"@type\":\"ListItem\",\"position\":1,\"name\":\"Hjem\",\"item\":\"https:\\\/\\\/fbsuppliers.dk\\\/\"},{\"@type\":\"ListItem\",\"position\":2,\"name\":\"Begivenheder\",\"item\":\"https:\\\/\\\/fbsuppliers.dk\\\/events\\\/\"},{\"@type\":\"ListItem\",\"position\":3,\"name\":\"Torsdags \u00e5bent m. frokost og opl\u00e6g fra CarbonCuts\"}]},{\"@type\":\"WebSite\",\"@id\":\"https:\\\/\\\/fbsuppliers.dk\\\/#website\",\"url\":\"https:\\\/\\\/fbsuppliers.dk\\\/\",\"name\":\"fbsuppliers.dk\",\"description\":\"FB Suppliers\",\"publisher\":{\"@id\":\"https:\\\/\\\/fbsuppliers.dk\\\/#organization\"},\"potentialAction\":[{\"@type\":\"SearchAction\",\"target\":{\"@type\":\"EntryPoint\",\"urlTemplate\":\"https:\\\/\\\/fbsuppliers.dk\\\/?s={search_term_string}\"},\"query-input\":{\"@type\":\"PropertyValueSpecification\",\"valueRequired\":true,\"valueName\":\"search_term_string\"}}],\"inLanguage\":\"en-GB\"},{\"@type\":\"Organization\",\"@id\":\"https:\\\/\\\/fbsuppliers.dk\\\/#organization\",\"name\":\"FB Suppliers\",\"url\":\"https:\\\/\\\/fbsuppliers.dk\\\/\",\"logo\":{\"@type\":\"ImageObject\",\"inLanguage\":\"en-GB\",\"@id\":\"https:\\\/\\\/fbsuppliers.dk\\\/#\\\/schema\\\/logo\\\/image\\\/\",\"url\":\"https:\\\/\\\/fbsuppliers.dk\\\/wp-content\\\/uploads\\\/2020\\\/08\\\/FB-Suppliers-logo.png\",\"contentUrl\":\"https:\\\/\\\/fbsuppliers.dk\\\/wp-content\\\/uploads\\\/2020\\\/08\\\/FB-Suppliers-logo.png\",\"width\":350,\"height\":106,\"caption\":\"FB Suppliers\"},\"image\":{\"@id\":\"https:\\\/\\\/fbsuppliers.dk\\\/#\\\/schema\\\/logo\\\/image\\\/\"},\"sameAs\":[\"https:\\\/\\\/www.facebook.com\\\/groups\\\/146986042726641\"]}]}<\/script>\n<!-- \/ Yoast SEO plugin. -->","yoast_head_json":{"title":"Torsdags \u00e5bent m. frokost og opl\u00e6g fra CarbonCuts - fbsuppliers.dk","robots":{"index":"index","follow":"follow","max-snippet":"max-snippet:-1","max-image-preview":"max-image-preview:large","max-video-preview":"max-video-preview:-1"},"canonical":"https:\/\/fbsuppliers.dk\/en\/begivenhed\/aabent-kontor-carbon-cuts\/","og_locale":"en_GB","og_type":"article","og_title":"Torsdags \u00e5bent m. frokost og opl\u00e6g fra CarbonCuts - fbsuppliers.dk","og_description":"Torsdags \u00e5bent m. frokost torsdag d. 05.03.26! Anders og Kenneth fra CarbonCuts vil holde opl\u00e6g om Project Ruby, byde p\u00e5 frokost og netv\u00e6rk! Kom og bliv klogere p\u00e5 CarbonCuts og [&hellip;]","og_url":"https:\/\/fbsuppliers.dk\/en\/begivenhed\/aabent-kontor-carbon-cuts\/","og_site_name":"fbsuppliers.dk","article_publisher":"https:\/\/www.facebook.com\/groups\/146986042726641","article_modified_time":"2026-03-03T12:45:10+00:00","og_image":[{"width":1000,"height":900,"url":"https:\/\/fbsuppliers.dk\/wp-content\/uploads\/2025\/11\/Indlaeg-Torsdagsaabent-m.-frokost-og-oplaeg-1.png","type":"image\/png"}],"twitter_card":"summary_large_image","twitter_misc":{"Estimated reading time":"2 minutes"},"schema":{"@context":"https:\/\/schema.org","@graph":[{"@type":"WebPage","@id":"https:\/\/fbsuppliers.dk\/begivenhed\/aabent-kontor-carbon-cuts\/","url":"https:\/\/fbsuppliers.dk\/begivenhed\/aabent-kontor-carbon-cuts\/","name":"Torsdags \u00e5bent m. frokost og opl\u00e6g fra CarbonCuts - fbsuppliers.dk","isPartOf":{"@id":"https:\/\/fbsuppliers.dk\/#website"},"primaryImageOfPage":{"@id":"https:\/\/fbsuppliers.dk\/begivenhed\/aabent-kontor-carbon-cuts\/#primaryimage"},"image":{"@id":"https:\/\/fbsuppliers.dk\/begivenhed\/aabent-kontor-carbon-cuts\/#primaryimage"},"thumbnailUrl":"https:\/\/fbsuppliers.dk\/wp-content\/uploads\/2025\/11\/Indlaeg-Torsdagsaabent-m.-frokost-og-oplaeg-1.png","datePublished":"2026-01-27T09:13:45+00:00","dateModified":"2026-03-03T12:45:10+00:00","breadcrumb":{"@id":"https:\/\/fbsuppliers.dk\/begivenhed\/aabent-kontor-carbon-cuts\/#breadcrumb"},"inLanguage":"en-GB","potentialAction":[{"@type":"ReadAction","target":["https:\/\/fbsuppliers.dk\/begivenhed\/aabent-kontor-carbon-cuts\/"]}]},{"@type":"ImageObject","inLanguage":"en-GB","@id":"https:\/\/fbsuppliers.dk\/begivenhed\/aabent-kontor-carbon-cuts\/#primaryimage","url":"https:\/\/fbsuppliers.dk\/wp-content\/uploads\/2025\/11\/Indlaeg-Torsdagsaabent-m.-frokost-og-oplaeg-1.png","contentUrl":"https:\/\/fbsuppliers.dk\/wp-content\/uploads\/2025\/11\/Indlaeg-Torsdagsaabent-m.-frokost-og-oplaeg-1.png","width":1000,"height":900},{"@type":"BreadcrumbList","@id":"https:\/\/fbsuppliers.dk\/begivenhed\/aabent-kontor-carbon-cuts\/#breadcrumb","itemListElement":[{"@type":"ListItem","position":1,"name":"Hjem","item":"https:\/\/fbsuppliers.dk\/"},{"@type":"ListItem","position":2,"name":"Begivenheder","item":"https:\/\/fbsuppliers.dk\/events\/"},{"@type":"ListItem","position":3,"name":"Torsdags \u00e5bent m. frokost og opl\u00e6g fra CarbonCuts"}]},{"@type":"WebSite","@id":"https:\/\/fbsuppliers.dk\/#website","url":"https:\/\/fbsuppliers.dk\/","name":"fbsuppliers.dk","description":"FB Suppliers","publisher":{"@id":"https:\/\/fbsuppliers.dk\/#organization"},"potentialAction":[{"@type":"SearchAction","target":{"@type":"EntryPoint","urlTemplate":"https:\/\/fbsuppliers.dk\/?s={search_term_string}"},"query-input":{"@type":"PropertyValueSpecification","valueRequired":true,"valueName":"search_term_string"}}],"inLanguage":"en-GB"},{"@type":"Organization","@id":"https:\/\/fbsuppliers.dk\/#organization","name":"FB Suppliers","url":"https:\/\/fbsuppliers.dk\/","logo":{"@type":"ImageObject","inLanguage":"en-GB","@id":"https:\/\/fbsuppliers.dk\/#\/schema\/logo\/image\/","url":"https:\/\/fbsuppliers.dk\/wp-content\/uploads\/2020\/08\/FB-Suppliers-logo.png","contentUrl":"https:\/\/fbsuppliers.dk\/wp-content\/uploads\/2020\/08\/FB-Suppliers-logo.png","width":350,"height":106,"caption":"FB Suppliers"},"image":{"@id":"https:\/\/fbsuppliers.dk\/#\/schema\/logo\/image\/"},"sameAs":["https:\/\/www.facebook.com\/groups\/146986042726641"]}]}},"_links":{"self":[{"href":"https:\/\/fbsuppliers.dk\/en\/wp-json\/wp\/v2\/tribe_events\/5015","targetHints":{"allow":["GET"]}}],"collection":[{"href":"https:\/\/fbsuppliers.dk\/en\/wp-json\/wp\/v2\/tribe_events"}],"about":[{"href":"https:\/\/fbsuppliers.dk\/en\/wp-json\/wp\/v2\/types\/tribe_events"}],"author":[{"embeddable":true,"href":"https:\/\/fbsuppliers.dk\/en\/wp-json\/wp\/v2\/users\/314"}],"version-history":[{"count":24,"href":"https:\/\/fbsuppliers.dk\/en\/wp-json\/wp\/v2\/tribe_events\/5015\/revisions"}],"predecessor-version":[{"id":5380,"href":"https:\/\/fbsuppliers.dk\/en\/wp-json\/wp\/v2\/tribe_events\/5015\/revisions\/5380"}],"wp:featuredmedia":[{"embeddable":true,"href":"https:\/\/fbsuppliers.dk\/en\/wp-json\/wp\/v2\/media\/5033"}],"wp:attachment":[{"href":"https:\/\/fbsuppliers.dk\/en\/wp-json\/wp\/v2\/media?parent=5015"}],"wp:term":[{"taxonomy":"post_tag","embeddable":true,"href":"https:\/\/fbsuppliers.dk\/en\/wp-json\/wp\/v2\/tags?post=5015"},{"taxonomy":"tribe_events_cat","embeddable":true,"href":"https:\/\/fbsuppliers.dk\/en\/wp-json\/wp\/v2\/tribe_events_cat?post=5015"}],"curies":[{"name":"wp","href":"https:\/\/api.w.org\/{rel}","templated":true}]}}